{"id":211,"date":"2024-02-03T13:18:52","date_gmt":"2024-02-03T13:18:52","guid":{"rendered":"https:\/\/institutoanastacio.com\/?page_id=211"},"modified":"2024-08-04T23:35:34","modified_gmt":"2024-08-04T23:35:34","slug":"quem-somos","status":"publish","type":"page","link":"https:\/\/institutoanastacio.com\/en\/quem-somos\/","title":{"rendered":"Quem somos"},"content":{"rendered":"<div data-elementor-type=\"wp-page\" data-elementor-id=\"211\" class=\"elementor elementor-211\" data-elementor-post-type=\"page\">\n\t\t\t\t<header class=\"elementor-element elementor-element-b1295f0 e-flex e-con-boxed elementor-invisible e-con e-parent\" data-id=\"b1295f0\" data-element_type=\"container\" id=\"principal\" data-settings=\"{&quot;background_background&quot;:&quot;classic&quot;,&quot;jet_parallax_layout_list&quot;:[],&quot;animation&quot;:&quot;fadeIn&quot;}\">\n\t\t\t\t\t<div class=\"e-con-inner\">\n\t\t\t\t\t<\/div>\n\t\t\t\t<\/header>\n\t\t<section class=\"elementor-element elementor-element-fc52fe9 e-flex e-con-boxed e-con e-parent\" data-id=\"fc52fe9\" data-element_type=\"container\" data-settings=\"{&quot;jet_parallax_layout_list&quot;:[],&quot;background_background&quot;:&quot;classic&quot;}\">\n\t\t\t\t\t<div class=\"e-con-inner\">\n\t\t\t\t<div class=\"elementor-element elementor-element-770cdd6 elementor-widget elementor-widget-heading\" data-id=\"770cdd6\" data-element_type=\"widget\" data-widget_type=\"heading.default\">\n\t\t\t\t<div class=\"elementor-widget-container\">\n\t\t\t\t\t<h2 class=\"elementor-heading-title elementor-size-default\">Sobre n\u00f3s<\/h2>\t\t\t\t<\/div>\n\t\t\t\t<\/div>\n\t\t\t\t<div class=\"elementor-element elementor-element-0c6fc53 elementor-widget elementor-widget-text-editor\" data-id=\"0c6fc53\" data-element_type=\"widget\" data-widget_type=\"text-editor.default\">\n\t\t\t\t<div class=\"elementor-widget-container\">\n\t\t\t\t\t\t\t\t\t<p>O Instituto Anastacio \u00e9 parte do ecossistema da Qu\u00edmica Anastacio, servindo como um<br \/>catalisador de a\u00e7\u00f5es que transcendem os limites da empresa e contribuem para um mundo<br \/>mais justo, inclusivo e sustent\u00e1vel. Ele engloba os projetos, programas, campanhas e iniciativas<br \/>de ESG da Qu\u00edmica Anastacio, alinhadas e comprometidas com a responsabilidade social,<br \/>corporativa e de sustentabilidade.<\/p>\t\t\t\t\t\t\t\t<\/div>\n\t\t\t\t<\/div>\n\t\t\t\t<div class=\"elementor-element elementor-element-7fa2edf elementor-widget elementor-widget-heading\" data-id=\"7fa2edf\" data-element_type=\"widget\" data-widget_type=\"heading.default\">\n\t\t\t\t<div class=\"elementor-widget-container\">\n\t\t\t\t\t<h2 class=\"elementor-heading-title elementor-size-default\">Nosso compromisso<\/h2>\t\t\t\t<\/div>\n\t\t\t\t<\/div>\n\t\t\t\t<div class=\"elementor-element elementor-element-e42fd77 elementor-widget elementor-widget-text-editor\" data-id=\"e42fd77\" data-element_type=\"widget\" data-widget_type=\"text-editor.default\">\n\t\t\t\t<div class=\"elementor-widget-container\">\n\t\t\t\t\t\t\t\t\t<p>O Instituto Anastacio \u00e9 comprometido com a responsabilidade social e a sustentabilidade,<br \/>buscando sempre criar um impacto positivo na sociedade. Acreditamos que, juntos, podemos<br \/>construir um futuro melhor e mais justo para todos.<\/p>\t\t\t\t\t\t\t\t<\/div>\n\t\t\t\t<\/div>\n\t\t\t\t<div class=\"elementor-element elementor-element-b9d42d5 elementor-widget elementor-widget-heading\" data-id=\"b9d42d5\" data-element_type=\"widget\" data-widget_type=\"heading.default\">\n\t\t\t\t<div class=\"elementor-widget-container\">\n\t\t\t\t\t<h2 class=\"elementor-heading-title elementor-size-default\">Transformando a qu\u00edmica para um futuro sustent\u00e1vel.\n<\/h2>\t\t\t\t<\/div>\n\t\t\t\t<\/div>\n\t\t\t\t<div class=\"elementor-element elementor-element-08d5b82 elementor-widget elementor-widget-text-editor\" data-id=\"08d5b82\" data-element_type=\"widget\" data-widget_type=\"text-editor.default\">\n\t\t\t\t<div class=\"elementor-widget-container\">\n\t\t\t\t\t\t\t\t\t<div data-zone-id=\"0\" data-line-index=\"0\" data-line=\"true\">Entendemos que a ind\u00fastria qu\u00edmica tem um papel importante a desempenhar na transi\u00e7\u00e3o para um futuro mais sustent\u00e1vel. Em resposta a isso, adotamos uma abordagem proativa para minimizar nosso impacto ambiental, maximizar nosso impacto social positivo e garantir a transpar\u00eancia e a responsabilidade em nossa governan\u00e7a corporativa.<\/div><div data-zone-id=\"0\" data-line-index=\"1\" data-line=\"true\">\u00a0<\/div><div data-zone-id=\"0\" data-line-index=\"2\" data-line=\"true\">Ao longo dos \u00faltimos anos, trabalhamos incansavelmente para melhorar nossas pr\u00e1ticas e pol\u00edticas de ESG em todas as \u00e1reas do nosso neg\u00f3cio. Adotamos estrat\u00e9gias mais eficazes para reduzir nossa emiss\u00e3o de carbono, promover a diversidade e a inclus\u00e3o, fortalecer nossos la\u00e7os com as comunidades locais e garantir a transpar\u00eancia em nossas opera\u00e7\u00f5es.<\/div><div data-zone-id=\"0\" data-line-index=\"3\" data-line=\"true\">\u00a0<\/div><div data-zone-id=\"0\" data-line-index=\"4\" data-line=\"true\">Nosso compromisso com a sustentabilidade e a responsabilidade social corporativa n\u00e3o \u00e9 apenas o certo a fazer, mas \u00e9 fundamental para nosso sucesso cont\u00ednuo e crescimento a longo prazo.<\/div>\t\t\t\t\t\t\t\t<\/div>\n\t\t\t\t<\/div>\n\t\t\t\t<div class=\"elementor-element elementor-element-e6a609c elementor-widget elementor-widget-heading\" data-id=\"e6a609c\" data-element_type=\"widget\" data-widget_type=\"heading.default\">\n\t\t\t\t<div class=\"elementor-widget-container\">\n\t\t\t\t\t<h2 class=\"elementor-heading-title elementor-size-default\">Objetivos do desenvolvimento sustent\u00e1vel<\/h2>\t\t\t\t<\/div>\n\t\t\t\t<\/div>\n\t\t\t\t<div class=\"elementor-element elementor-element-c36773a elementor-widget elementor-widget-text-editor\" data-id=\"c36773a\" data-element_type=\"widget\" data-widget_type=\"text-editor.default\">\n\t\t\t\t<div class=\"elementor-widget-container\">\n\t\t\t\t\t\t\t\t\t<div data-zone-id=\"0\" data-line-index=\"0\" data-line=\"true\"><div data-zone-id=\"0\" data-line-index=\"0\" data-line=\"true\">Em 2015, a ONU prop\u00f4s aos seus pa\u00edses membros uma nova agenda de desenvolvimento sustent\u00e1vel para os pr\u00f3ximos 15 anos, a Agenda 2030, composta pelos 17 Objetivos de Desenvolvimento Sustent\u00e1vel (ODS).<\/div><div data-zone-id=\"0\" data-line-index=\"1\" data-line=\"true\">\u00a0<\/div><div data-zone-id=\"0\" data-line-index=\"2\" data-line=\"true\">Esse \u00e9 um esfor\u00e7o conjunto, de pa\u00edses, empresas, institui\u00e7\u00f5es e sociedade civil. Os ODS buscam assegurar os direitos humanos, acabar com a pobreza, lutar contra a desigualdade e a injusti\u00e7a, alcan\u00e7ar a igualdade de g\u00eanero e o empoderamento de mulheres e meninas, agir contra as mudan\u00e7as clim\u00e1ticas, bem como enfrentar outros dos maiores desafios de nossos tempos.<\/div><div data-zone-id=\"0\" data-line-index=\"3\" data-line=\"true\">\u00a0<\/div><div data-zone-id=\"0\" data-line-index=\"4\" data-line=\"true\">Como parte desse compromisso, a Qu\u00edmica Anastacio est\u00e1 engajada nesse movimento, atrav\u00e9s projetos e solu\u00e7\u00f5es que atendam \u00e0s necessidades do presente sem comprometer as gera\u00e7\u00f5es futuras.<\/div><\/div>\t\t\t\t\t\t\t\t<\/div>\n\t\t\t\t<\/div>\n\t\t\t\t<div class=\"elementor-element elementor-element-3bab300 elementor-widget__width-inherit elementor-widget elementor-widget-image\" data-id=\"3bab300\" data-element_type=\"widget\" data-widget_type=\"image.default\">\n\t\t\t\t<div class=\"elementor-widget-container\">\n\t\t\t\t\t\t\t\t\t\t\t\t\t\t\t<img fetchpriority=\"high\" decoding=\"async\" width=\"800\" height=\"777\" src=\"https:\/\/institutoanastacio.com\/wp-content\/uploads\/2024\/08\/ODS_PactoGlobal_Anastacio-1024x995.png\" class=\"attachment-large size-large wp-image-1782\" alt=\"\" srcset=\"https:\/\/institutoanastacio.com\/wp-content\/uploads\/2024\/08\/ODS_PactoGlobal_Anastacio-1024x995.png 1024w, https:\/\/institutoanastacio.com\/wp-content\/uploads\/2024\/08\/ODS_PactoGlobal_Anastacio-300x292.png 300w, https:\/\/institutoanastacio.com\/wp-content\/uploads\/2024\/08\/ODS_PactoGlobal_Anastacio-768x747.png 768w, https:\/\/institutoanastacio.com\/wp-content\/uploads\/2024\/08\/ODS_PactoGlobal_Anastacio-1536x1493.png 1536w, https:\/\/institutoanastacio.com\/wp-content\/uploads\/2024\/08\/ODS_PactoGlobal_Anastacio-2048x1991.png 2048w, https:\/\/institutoanastacio.com\/wp-content\/uploads\/2024\/08\/ODS_PactoGlobal_Anastacio-12x12.png 12w\" sizes=\"(max-width: 800px) 100vw, 800px\" \/>\t\t\t\t\t\t\t\t\t\t\t\t\t\t\t<\/div>\n\t\t\t\t<\/div>\n\t\t\t\t\t<\/div>\n\t\t\t\t<\/section>\n\t\t<section class=\"elementor-element elementor-element-4c6e8e7 elementor-hidden-desktop elementor-hidden-laptop elementor-hidden-tablet elementor-hidden-mobile e-flex e-con-boxed e-con e-parent\" data-id=\"4c6e8e7\" data-element_type=\"container\" data-settings=\"{&quot;background_background&quot;:&quot;classic&quot;,&quot;jet_parallax_layout_list&quot;:[]}\">\n\t\t\t\t\t<div class=\"e-con-inner\">\n\t\t<div class=\"elementor-element elementor-element-46324d4 e-con-full e-flex e-con e-child\" data-id=\"46324d4\" data-element_type=\"container\" data-settings=\"{&quot;jet_parallax_layout_list&quot;:[]}\">\n\t\t\t\t<div class=\"elementor-element elementor-element-0a9355a elementor-widget elementor-widget-image\" data-id=\"0a9355a\" data-element_type=\"widget\" data-widget_type=\"image.default\">\n\t\t\t\t<div class=\"elementor-widget-container\">\n\t\t\t\t\t\t\t\t\t\t\t\t\t\t\t<img decoding=\"async\" width=\"761\" height=\"600\" src=\"https:\/\/institutoanastacio.com\/wp-content\/uploads\/2024\/02\/Sobre-foto.png\" class=\"attachment-large size-large wp-image-235\" alt=\"\" srcset=\"https:\/\/institutoanastacio.com\/wp-content\/uploads\/2024\/02\/Sobre-foto.png 761w, https:\/\/institutoanastacio.com\/wp-content\/uploads\/2024\/02\/Sobre-foto-300x237.png 300w\" sizes=\"(max-width: 761px) 100vw, 761px\" \/>\t\t\t\t\t\t\t\t\t\t\t\t\t\t\t<\/div>\n\t\t\t\t<\/div>\n\t\t\t\t<div class=\"elementor-element elementor-element-9283a85 elementor-widget elementor-widget-image\" data-id=\"9283a85\" data-element_type=\"widget\" data-widget_type=\"image.default\">\n\t\t\t\t<div class=\"elementor-widget-container\">\n\t\t\t\t\t\t\t\t\t\t\t\t\t\t\t<img decoding=\"async\" width=\"761\" height=\"600\" src=\"https:\/\/institutoanastacio.com\/wp-content\/uploads\/2024\/02\/Sobre-foto-2.png\" class=\"attachment-large size-large wp-image-236\" alt=\"testestestestestestestestestestestes\" srcset=\"https:\/\/institutoanastacio.com\/wp-content\/uploads\/2024\/02\/Sobre-foto-2.png 761w, https:\/\/institutoanastacio.com\/wp-content\/uploads\/2024\/02\/Sobre-foto-2-300x237.png 300w\" sizes=\"(max-width: 761px) 100vw, 761px\" \/>\t\t\t\t\t\t\t\t\t\t\t\t\t\t\t<\/div>\n\t\t\t\t<\/div>\n\t\t\t\t<\/div>\n\t\t<div class=\"elementor-element elementor-element-a225c75 e-con-full e-flex e-con e-child\" data-id=\"a225c75\" data-element_type=\"container\" data-settings=\"{&quot;jet_parallax_layout_list&quot;:[]}\">\n\t\t\t\t<div class=\"elementor-element elementor-element-208e227 elementor-widget elementor-widget-heading\" data-id=\"208e227\" data-element_type=\"widget\" data-widget_type=\"heading.default\">\n\t\t\t\t<div class=\"elementor-widget-container\">\n\t\t\t\t\t<h2 class=\"elementor-heading-title elementor-size-default\">The project<\/h2>\t\t\t\t<\/div>\n\t\t\t\t<\/div>\n\t\t\t\t<div class=\"elementor-element elementor-element-1fb365c elementor-widget elementor-widget-text-editor\" data-id=\"1fb365c\" data-element_type=\"widget\" data-widget_type=\"text-editor.default\">\n\t\t\t\t<div class=\"elementor-widget-container\">\n\t\t\t\t\t\t\t\t\t<p class=\" translation-block\">Using the developed evaluation model\nby Alicerce Educa\u00e7\u00e3o, the\nlevel of student lag in school, to\nso that we could adapt the\nclass contents: The average lag\neducational level in reading is 5.14 years and the\naverage educational gap in\nmathematics is 4.5 years.<\/p><p class=\" translation-block\">Utilizando o modelo avaliativo desenvolvido<br>pelo Alicerce Educa\u00e7\u00e3o, foi diagnosticado o<br>n\u00edvel de defasagem escolar dos alunos, para<br>que assim, pud\u00e9ssemos adaptar os<br>conte\u00fados das aulas: A m\u00e9dia de defasagem<br>educacional em leitura \u00e9 de 5,14 anos e a<br>m\u00e9dia de defasagem educacional em<br>matem\u00e1tica \u00e9 de 4,5 anos.<\/p><p class=\" translation-block\">From this, each child's learning is monitored individually, understanding and respecting the difficulties and needs of each student.<\/p><p class=\" translation-block\">The teaching method is based on the educational pillars of Alicerce Educa\u00e7\u00e3o:<\/p><p class=\" translation-block\">Educational base in literature, writing, mathematics and English: In order to consolidate the students' educational base, they developed a knowledge track based on PISA skills.<\/p>\t\t\t\t\t\t\t\t<\/div>\n\t\t\t\t<\/div>\n\t\t\t\t<\/div>\n\t\t\t\t\t<\/div>\n\t\t\t\t<\/section>\n\t\t<section class=\"elementor-element elementor-element-d99deda elementor-hidden-desktop elementor-hidden-laptop elementor-hidden-tablet elementor-hidden-mobile e-flex e-con-boxed e-con e-parent\" data-id=\"d99deda\" data-element_type=\"container\" data-settings=\"{&quot;jet_parallax_layout_list&quot;:[]}\">\n\t\t\t\t\t<div class=\"e-con-inner\">\n\t\t<div class=\"elementor-element elementor-element-221d217 e-con-full e-flex e-con e-child\" data-id=\"221d217\" data-element_type=\"container\" data-settings=\"{&quot;jet_parallax_layout_list&quot;:[]}\">\n\t\t\t\t<div class=\"elementor-element elementor-element-0807558 elementor-widget elementor-widget-heading\" data-id=\"0807558\" data-element_type=\"widget\" data-widget_type=\"heading.default\">\n\t\t\t\t<div class=\"elementor-widget-container\">\n\t\t\t\t\t<h2 class=\"elementor-heading-title elementor-size-default\">Partnerships<\/h2>\t\t\t\t<\/div>\n\t\t\t\t<\/div>\n\t\t\t\t<div class=\"elementor-element elementor-element-9da761b elementor-widget elementor-widget-text-editor\" data-id=\"9da761b\" data-element_type=\"widget\" data-widget_type=\"text-editor.default\">\n\t\t\t\t<div class=\"elementor-widget-container translation-block\">Alicerce Educa\u00e7\u00e3o: created in 2018, it is a\nsocial impact company that brings to the\nBrazil the most innovative and\nefficient in education in the world.\n\nThey have surprising results,\nalready proven in more than 25 thousand students\nwho passed through Alicerce\n<a href=\"https:\/\/alicerceedu.com.br\" rel=\"noopener\" target=\"_blank\">https:\/\/alicerceedu.com.br<\/a><\/div>\n\t\t\t\t<\/div>\n\t\t\t\t<\/div>\n\t\t<div class=\"elementor-element elementor-element-ebb4c02 e-con-full e-flex e-con e-child\" data-id=\"ebb4c02\" data-element_type=\"container\" data-settings=\"{&quot;background_background&quot;:&quot;classic&quot;,&quot;jet_parallax_layout_list&quot;:[]}\">\n\t\t\t\t<div class=\"elementor-element elementor-element-60e6ced elementor-widget elementor-widget-image\" data-id=\"60e6ced\" data-element_type=\"widget\" data-widget_type=\"image.default\">\n\t\t\t\t<div class=\"elementor-widget-container\">\n\t\t\t\t\t\t\t\t\t\t\t\t\t\t\t<img loading=\"lazy\" decoding=\"async\" width=\"300\" height=\"96\" src=\"https:\/\/institutoanastacio.com\/wp-content\/uploads\/2024\/02\/Logo.png\" class=\"attachment-large size-large wp-image-237\" alt=\"Logo testes\" \/>\t\t\t\t\t\t\t\t\t\t\t\t\t\t\t<\/div>\n\t\t\t\t<\/div>\n\t\t\t\t<\/div>\n\t\t\t\t\t<\/div>\n\t\t\t\t<\/section>\n\t\t<div class=\"elementor-element elementor-element-b03d8ac e-flex e-con-boxed e-con e-parent\" data-id=\"b03d8ac\" data-element_type=\"container\" data-settings=\"{&quot;jet_parallax_layout_list&quot;:[]}\">\n\t\t\t\t\t<div class=\"e-con-inner\">\n\t\t\t\t<div class=\"elementor-element elementor-element-07115cc elementor-widget elementor-widget-shortcode\" data-id=\"07115cc\" data-element_type=\"widget\" data-widget_type=\"shortcode.default\">\n\t\t\t\t<div class=\"elementor-widget-container\">\n\t\t\t\t\t\t\t<div class=\"elementor-shortcode\">\t\t<div data-elementor-type=\"container\" data-elementor-id=\"1754\" class=\"elementor elementor-1754\" data-elementor-post-type=\"elementor_library\">\n\t\t\t\t<footer class=\"elementor-element elementor-element-ec30654 e-flex e-con-boxed e-con e-parent\" data-id=\"ec30654\" data-element_type=\"container\" data-settings=\"{&quot;background_background&quot;:&quot;classic&quot;,&quot;jet_parallax_layout_list&quot;:[]}\">\n\t\t\t\t\t<div class=\"e-con-inner\">\n\t\t\t\t<div class=\"elementor-element elementor-element-16c7610 elementor-widget elementor-widget-heading\" data-id=\"16c7610\" data-element_type=\"widget\" data-widget_type=\"heading.default\">\n\t\t\t\t<div class=\"elementor-widget-container\">\n\t\t\t\t\t<h2 class=\"elementor-heading-title elementor-size-default\">Quer ser um parceiro ?<\/h2>\t\t\t\t<\/div>\n\t\t\t\t<\/div>\n\t\t\t\t<div class=\"elementor-element elementor-element-a7a1eab elementor-align-center elementor-widget elementor-widget-button\" data-id=\"a7a1eab\" data-element_type=\"widget\" data-widget_type=\"button.default\">\n\t\t\t\t<div class=\"elementor-widget-container\">\n\t\t\t\t\t\t\t\t\t<div class=\"elementor-button-wrapper\">\n\t\t\t\t\t<a class=\"elementor-button elementor-button-link elementor-size-sm\" href=\"https:\/\/institutoanastacio.com\/en\/contato\/\">\n\t\t\t\t\t\t<span class=\"elementor-button-content-wrapper\">\n\t\t\t\t\t\t\t\t\t<span class=\"elementor-button-text\">SAIBA MAIS<\/span>\n\t\t\t\t\t<\/span>\n\t\t\t\t\t<\/a>\n\t\t\t\t<\/div>\n\t\t\t\t\t\t\t\t<\/div>\n\t\t\t\t<\/div>\n\t\t\t\t\t<\/div>\n\t\t\t\t<\/footer>\n\t\t\t\t<\/div>\n\t\t<\/div>\n\t\t\t\t\t\t<\/div>\n\t\t\t\t<\/div>\n\t\t\t\t\t<\/div>\n\t\t\t\t<\/div>\n\t\t\t\t<\/div>","protected":false},"excerpt":{"rendered":"<p>Sobre n\u00f3s O Instituto Anastacio \u00e9 parte do ecossistema da Qu\u00edmica Anastacio, servindo como umcatalisador de a\u00e7\u00f5es que transcendem os limites da empresa e contribuem para um mundomais justo, inclusivo e sustent\u00e1vel. Ele engloba os projetos, programas, campanhas e iniciativasde ESG da Qu\u00edmica Anastacio, alinhadas e comprometidas com a responsabilidade social,corporativa e de sustentabilidade. Nosso [&hellip;]<\/p>","protected":false},"author":1,"featured_media":0,"parent":0,"menu_order":0,"comment_status":"closed","ping_status":"closed","template":"","meta":{"footnotes":""},"categoria":[32],"class_list":["post-211","page","type-page","status-publish","hentry","categoria-pt"],"yoast_head":"<!-- This site is optimized with the Yoast SEO Premium plugin v22.0 (Yoast SEO v25.3) - https:\/\/yoast.com\/wordpress\/plugins\/seo\/ -->\n<title>Quem somos - Instituto Anastacio<\/title>\n<meta name=\"robots\" content=\"index, follow, max-snippet:-1, max-image-preview:large, max-video-preview:-1\" \/>\n<link rel=\"canonical\" href=\"https:\/\/institutoanastacio.com\/en\/quem-somos\/\" \/>\n<meta property=\"og:locale\" content=\"en_US\" \/>\n<meta property=\"og:type\" content=\"article\" \/>\n<meta property=\"og:title\" content=\"Quem somos\" \/>\n<meta property=\"og:description\" content=\"Sobre n\u00f3s O Instituto Anastacio \u00e9 parte do ecossistema da Qu\u00edmica Anastacio, servindo como umcatalisador de a\u00e7\u00f5es que transcendem os limites da empresa e contribuem para um mundomais justo, inclusivo e sustent\u00e1vel. Ele engloba os projetos, programas, campanhas e iniciativasde ESG da Qu\u00edmica Anastacio, alinhadas e comprometidas com a responsabilidade social,corporativa e de sustentabilidade. Nosso [&hellip;]\" \/>\n<meta property=\"og:url\" content=\"https:\/\/institutoanastacio.com\/en\/quem-somos\/\" \/>\n<meta property=\"og:site_name\" content=\"Instituto Anastacio\" \/>\n<meta property=\"article:publisher\" content=\"https:\/\/www.facebook.com\/quimicaanastacio\/\" \/>\n<meta property=\"article:modified_time\" content=\"2024-08-04T23:35:34+00:00\" \/>\n<meta property=\"og:image\" content=\"https:\/\/institutoanastacio.com\/wp-content\/uploads\/2024\/08\/ODS_PactoGlobal_Anastacio-1024x995.png\" \/>\n<meta name=\"twitter:card\" content=\"summary_large_image\" \/>\n<meta name=\"twitter:label1\" content=\"Est. reading time\" \/>\n\t<meta name=\"twitter:data1\" content=\"4 minutes\" \/>\n<script type=\"application\/ld+json\" class=\"yoast-schema-graph\">{\"@context\":\"https:\/\/schema.org\",\"@graph\":[{\"@type\":\"WebPage\",\"@id\":\"https:\/\/institutoanastacio.com\/quem-somos\/\",\"url\":\"https:\/\/institutoanastacio.com\/quem-somos\/\",\"name\":\"Quem somos - Instituto Anastacio\",\"isPartOf\":{\"@id\":\"https:\/\/institutoanastacio.com\/#website\"},\"primaryImageOfPage\":{\"@id\":\"https:\/\/institutoanastacio.com\/quem-somos\/#primaryimage\"},\"image\":{\"@id\":\"https:\/\/institutoanastacio.com\/quem-somos\/#primaryimage\"},\"thumbnailUrl\":\"https:\/\/institutoanastacio.com\/wp-content\/uploads\/2024\/08\/ODS_PactoGlobal_Anastacio-1024x995.png\",\"datePublished\":\"2024-02-03T13:18:52+00:00\",\"dateModified\":\"2024-08-04T23:35:34+00:00\",\"breadcrumb\":{\"@id\":\"https:\/\/institutoanastacio.com\/quem-somos\/#breadcrumb\"},\"inLanguage\":\"en-US\",\"potentialAction\":[{\"@type\":\"ReadAction\",\"target\":[\"https:\/\/institutoanastacio.com\/quem-somos\/\"]}]},{\"@type\":\"ImageObject\",\"inLanguage\":\"en-US\",\"@id\":\"https:\/\/institutoanastacio.com\/quem-somos\/#primaryimage\",\"url\":\"https:\/\/institutoanastacio.com\/wp-content\/uploads\/2024\/08\/ODS_PactoGlobal_Anastacio-1024x995.png\",\"contentUrl\":\"https:\/\/institutoanastacio.com\/wp-content\/uploads\/2024\/08\/ODS_PactoGlobal_Anastacio-1024x995.png\"},{\"@type\":\"BreadcrumbList\",\"@id\":\"https:\/\/institutoanastacio.com\/quem-somos\/#breadcrumb\",\"itemListElement\":[{\"@type\":\"ListItem\",\"position\":1,\"name\":\"Home\",\"item\":\"https:\/\/institutoanastacio.com\/\"},{\"@type\":\"ListItem\",\"position\":2,\"name\":\"Quem somos\"}]},{\"@type\":\"WebSite\",\"@id\":\"https:\/\/institutoanastacio.com\/#website\",\"url\":\"https:\/\/institutoanastacio.com\/\",\"name\":\"Instituto Anastacio\",\"description\":\"Conectar e transformar \u00e9 a nossa qu\u00edmica.\",\"publisher\":{\"@id\":\"https:\/\/institutoanastacio.com\/#organization\"},\"potentialAction\":[{\"@type\":\"SearchAction\",\"target\":{\"@type\":\"EntryPoint\",\"urlTemplate\":\"https:\/\/institutoanastacio.com\/?s={search_term_string}\"},\"query-input\":{\"@type\":\"PropertyValueSpecification\",\"valueRequired\":true,\"valueName\":\"search_term_string\"}}],\"inLanguage\":\"en-US\"},{\"@type\":\"Organization\",\"@id\":\"https:\/\/institutoanastacio.com\/#organization\",\"name\":\"Instituto Anastacio\",\"url\":\"https:\/\/institutoanastacio.com\/\",\"logo\":{\"@type\":\"ImageObject\",\"inLanguage\":\"en-US\",\"@id\":\"https:\/\/institutoanastacio.com\/#\/schema\/logo\/image\/\",\"url\":\"https:\/\/institutoanastacio.com\/wp-content\/uploads\/2023\/11\/Sem-Titulo-7.png\",\"contentUrl\":\"https:\/\/institutoanastacio.com\/wp-content\/uploads\/2023\/11\/Sem-Titulo-7.png\",\"width\":209,\"height\":63,\"caption\":\"Instituto Anastacio\"},\"image\":{\"@id\":\"https:\/\/institutoanastacio.com\/#\/schema\/logo\/image\/\"},\"sameAs\":[\"https:\/\/www.facebook.com\/quimicaanastacio\/\",\"https:\/\/www.youtube.com\/channel\/UCburaLM-iHKEJ1QESrXzi3w\",\"https:\/\/www.instagram.com\/quimicaanastacio\/\"]}]}<\/script>\n<!-- \/ Yoast SEO Premium plugin. -->","yoast_head_json":{"title":"Quem somos - Instituto Anastacio","robots":{"index":"index","follow":"follow","max-snippet":"max-snippet:-1","max-image-preview":"max-image-preview:large","max-video-preview":"max-video-preview:-1"},"canonical":"https:\/\/institutoanastacio.com\/en\/quem-somos\/","og_locale":"en_US","og_type":"article","og_title":"Quem somos","og_description":"Sobre n\u00f3s O Instituto Anastacio \u00e9 parte do ecossistema da Qu\u00edmica Anastacio, servindo como umcatalisador de a\u00e7\u00f5es que transcendem os limites da empresa e contribuem para um mundomais justo, inclusivo e sustent\u00e1vel. Ele engloba os projetos, programas, campanhas e iniciativasde ESG da Qu\u00edmica Anastacio, alinhadas e comprometidas com a responsabilidade social,corporativa e de sustentabilidade. Nosso [&hellip;]","og_url":"https:\/\/institutoanastacio.com\/en\/quem-somos\/","og_site_name":"Instituto Anastacio","article_publisher":"https:\/\/www.facebook.com\/quimicaanastacio\/","article_modified_time":"2024-08-04T23:35:34+00:00","og_image":[{"url":"https:\/\/institutoanastacio.com\/wp-content\/uploads\/2024\/08\/ODS_PactoGlobal_Anastacio-1024x995.png","type":"","width":"","height":""}],"twitter_card":"summary_large_image","twitter_misc":{"Est. reading time":"4 minutes"},"schema":{"@context":"https:\/\/schema.org","@graph":[{"@type":"WebPage","@id":"https:\/\/institutoanastacio.com\/quem-somos\/","url":"https:\/\/institutoanastacio.com\/quem-somos\/","name":"Quem somos - Instituto Anastacio","isPartOf":{"@id":"https:\/\/institutoanastacio.com\/#website"},"primaryImageOfPage":{"@id":"https:\/\/institutoanastacio.com\/quem-somos\/#primaryimage"},"image":{"@id":"https:\/\/institutoanastacio.com\/quem-somos\/#primaryimage"},"thumbnailUrl":"https:\/\/institutoanastacio.com\/wp-content\/uploads\/2024\/08\/ODS_PactoGlobal_Anastacio-1024x995.png","datePublished":"2024-02-03T13:18:52+00:00","dateModified":"2024-08-04T23:35:34+00:00","breadcrumb":{"@id":"https:\/\/institutoanastacio.com\/quem-somos\/#breadcrumb"},"inLanguage":"en-US","potentialAction":[{"@type":"ReadAction","target":["https:\/\/institutoanastacio.com\/quem-somos\/"]}]},{"@type":"ImageObject","inLanguage":"en-US","@id":"https:\/\/institutoanastacio.com\/quem-somos\/#primaryimage","url":"https:\/\/institutoanastacio.com\/wp-content\/uploads\/2024\/08\/ODS_PactoGlobal_Anastacio-1024x995.png","contentUrl":"https:\/\/institutoanastacio.com\/wp-content\/uploads\/2024\/08\/ODS_PactoGlobal_Anastacio-1024x995.png"},{"@type":"BreadcrumbList","@id":"https:\/\/institutoanastacio.com\/quem-somos\/#breadcrumb","itemListElement":[{"@type":"ListItem","position":1,"name":"Home","item":"https:\/\/institutoanastacio.com\/"},{"@type":"ListItem","position":2,"name":"Quem somos"}]},{"@type":"WebSite","@id":"https:\/\/institutoanastacio.com\/#website","url":"https:\/\/institutoanastacio.com\/","name":"Instituto Anastacio","description":"Conectar e transformar \u00e9 a nossa qu\u00edmica.","publisher":{"@id":"https:\/\/institutoanastacio.com\/#organization"},"potentialAction":[{"@type":"SearchAction","target":{"@type":"EntryPoint","urlTemplate":"https:\/\/institutoanastacio.com\/?s={search_term_string}"},"query-input":{"@type":"PropertyValueSpecification","valueRequired":true,"valueName":"search_term_string"}}],"inLanguage":"en-US"},{"@type":"Organization","@id":"https:\/\/institutoanastacio.com\/#organization","name":"Instituto Anastacio","url":"https:\/\/institutoanastacio.com\/","logo":{"@type":"ImageObject","inLanguage":"en-US","@id":"https:\/\/institutoanastacio.com\/#\/schema\/logo\/image\/","url":"https:\/\/institutoanastacio.com\/wp-content\/uploads\/2023\/11\/Sem-Titulo-7.png","contentUrl":"https:\/\/institutoanastacio.com\/wp-content\/uploads\/2023\/11\/Sem-Titulo-7.png","width":209,"height":63,"caption":"Instituto Anastacio"},"image":{"@id":"https:\/\/institutoanastacio.com\/#\/schema\/logo\/image\/"},"sameAs":["https:\/\/www.facebook.com\/quimicaanastacio\/","https:\/\/www.youtube.com\/channel\/UCburaLM-iHKEJ1QESrXzi3w","https:\/\/www.instagram.com\/quimicaanastacio\/"]}]}},"_links":{"self":[{"href":"https:\/\/institutoanastacio.com\/en\/wp-json\/wp\/v2\/pages\/211","targetHints":{"allow":["GET"]}}],"collection":[{"href":"https:\/\/institutoanastacio.com\/en\/wp-json\/wp\/v2\/pages"}],"about":[{"href":"https:\/\/institutoanastacio.com\/en\/wp-json\/wp\/v2\/types\/page"}],"author":[{"embeddable":true,"href":"https:\/\/institutoanastacio.com\/en\/wp-json\/wp\/v2\/users\/1"}],"replies":[{"embeddable":true,"href":"https:\/\/institutoanastacio.com\/en\/wp-json\/wp\/v2\/comments?post=211"}],"version-history":[{"count":107,"href":"https:\/\/institutoanastacio.com\/en\/wp-json\/wp\/v2\/pages\/211\/revisions"}],"predecessor-version":[{"id":1786,"href":"https:\/\/institutoanastacio.com\/en\/wp-json\/wp\/v2\/pages\/211\/revisions\/1786"}],"wp:attachment":[{"href":"https:\/\/institutoanastacio.com\/en\/wp-json\/wp\/v2\/media?parent=211"}],"wp:term":[{"taxonomy":"categoria","embeddable":true,"href":"https:\/\/institutoanastacio.com\/en\/wp-json\/wp\/v2\/categoria?post=211"}],"curies":[{"name":"wp","href":"https:\/\/api.w.org\/{rel}","templated":true}]}}